{"id":4158,"date":"2023-02-24T15:08:41","date_gmt":"2023-02-24T15:08:41","guid":{"rendered":"https:\/\/restaurant-la-barque-bleue.fr\/serata-jazz-presso-la-barque-bleue\/"},"modified":"2024-06-18T07:04:19","modified_gmt":"2024-06-18T07:04:19","slug":"serata-jazz-presso-la-barque-bleue","status":"publish","type":"page","link":"https:\/\/restaurant-la-barque-bleue.fr\/it\/serata-jazz-presso-la-barque-bleue\/","title":{"rendered":"Serata JAZZ presso La Barque Bleue"},"content":{"rendered":"<div class=\"wpb-content-wrapper\"><p>[vc_row content_placement=&#8221;middle&#8221;][vc_column width=&#8221;1\/2&#8243;][vc_column_text]<\/p>\n<h3><strong>\ud83c\udfbaSOIR\u00c9E JAZZYYYYY<\/strong><\/h3>\n<h3><strong>Venerd\u00ec 3 marzo 2023 dalle 18.30<\/strong><\/h3>\n<p>&nbsp;<\/p>\n<p>La Barque Bleue ti invita al suo concerto JAZZY con CAROL NAKARI e Alexandre alla chitarra, venerd\u00ec 3 marzo 2023 dalle 18.30!<br \/>\nVisita il tuo ristorante al 7 Quai des Deux Emmanuel per una delizia musicale \ud83d\ude0b<\/p>\n<p>In programma: jazz, divertimento e buon cibo!<\/p>\n<p>Offriamo 2 pacchetti:<\/p>\n<p>&nbsp;<\/p>\n<p>* <strong> PACCHETTO 1<\/strong>: Ingresso al concerto, aperitivo e tapas (fino alle 20:00) a 15\u20ac.<br \/>\n* <strong>FORMULA 2 SERATA JAZZY<\/strong>: aperitivo, piatto principale, dessert e jazz per tutta la sera a 35\u20ac.<\/p>\n<p>Non dimenticare di <a href=\"https:\/\/restaurant-la-barque-bleue.fr\/it\/prenota-il-tuo-ristorante-nel-porto-di-nizza\/\"><br \/>\n  <strong>prenotare via e-mail o telefono <\/strong><br \/>\n<\/a>[\/vc_column_text][\/vc_column][vc_column width=&#8221;1\/2&#8243;][vc_single_image image=&#8221;2504&#8243; img_size=&#8221;full&#8221;][\/vc_column][\/vc_row]<\/p>\n<\/div>","protected":false},"excerpt":{"rendered":"<p>[vc_row content_placement=&#8221;middle&#8221;][vc_column width=&#8221;1\/2&#8243;][vc_column_text] \ud83c\udfbaSOIR\u00c9E JAZZYYYYY Venerd\u00ec 3 marzo 2023 dalle 18.30 &nbsp; La Barque Bleue ti invita al suo concerto JAZZY con CAROL NAKARI e Alexandre alla chitarra, venerd\u00ec 3 marzo 2023 dalle 18.30! Visita il tuo ristorante al 7 Quai des Deux Emmanuel per una delizia musicale \ud83d\ude0b In programma: jazz, divertimento e buon [&hellip;]<\/p>\n","protected":false},"author":1,"featured_media":4159,"parent":0,"menu_order":0,"comment_status":"closed","ping_status":"closed","template":"","meta":{"footnotes":""},"class_list":["post-4158","page","type-page","status-publish","has-post-thumbnail","hentry"],"yoast_head":"<!-- This site is optimized with the Yoast SEO Premium plugin v26.0 (Yoast SEO v27.5) - https:\/\/yoast.com\/product\/yoast-seo-premium-wordpress\/ -->\n<title>Serata JAZZ presso La Barque Bleue - La Barque Bleue Restaurant au Port de nice<\/title>\n<meta name=\"robots\" content=\"index, follow, max-snippet:-1, max-image-preview:large, max-video-preview:-1\" \/>\n<link rel=\"canonical\" href=\"https:\/\/restaurant-la-barque-bleue.fr\/it\/serata-jazz-presso-la-barque-bleue\/\" \/>\n<meta property=\"og:locale\" content=\"it_IT\" \/>\n<meta property=\"og:type\" content=\"article\" \/>\n<meta property=\"og:title\" content=\"Serata JAZZ presso La Barque Bleue - La Barque Bleue Restaurant au Port de nice\" \/>\n<meta property=\"og:description\" content=\"[vc_row content_placement=&#8221;middle&#8221;][vc_column width=&#8221;1\/2&#8243;][vc_column_text] \ud83c\udfbaSOIR\u00c9E JAZZYYYYY Venerd\u00ec 3 marzo 2023 dalle 18.30 &nbsp; La Barque Bleue ti invita al suo concerto JAZZY con CAROL NAKARI e Alexandre alla chitarra, venerd\u00ec 3 marzo 2023 dalle 18.30! Visita il tuo ristorante al 7 Quai des Deux Emmanuel per una delizia musicale \ud83d\ude0b In programma: jazz, divertimento e buon [&hellip;]\" \/>\n<meta property=\"og:url\" content=\"https:\/\/restaurant-la-barque-bleue.fr\/it\/serata-jazz-presso-la-barque-bleue\/\" \/>\n<meta property=\"og:site_name\" content=\"La Barque Bleue Restaurant au Port de nice\" \/>\n<meta property=\"article:publisher\" content=\"https:\/\/www.facebook.com\/LaBarqueBleue06\" \/>\n<meta property=\"article:modified_time\" content=\"2024-06-18T07:04:19+00:00\" \/>\n<meta property=\"og:image\" content=\"https:\/\/restaurant-la-barque-bleue.fr\/wp-content\/uploads\/2023\/02\/332142476_740363531027463_4847740966383100321_n.jpg\" \/>\n\t<meta property=\"og:image:width\" content=\"1080\" \/>\n\t<meta property=\"og:image:height\" content=\"1080\" \/>\n\t<meta property=\"og:image:type\" content=\"image\/jpeg\" \/>\n<meta name=\"twitter:card\" content=\"summary_large_image\" \/>\n<meta name=\"twitter:label1\" content=\"Tempo di lettura stimato\" \/>\n\t<meta name=\"twitter:data1\" content=\"1 minuto\" \/>\n<script type=\"application\/ld+json\" class=\"yoast-schema-graph\">{\"@context\":\"https:\\\/\\\/schema.org\",\"@graph\":[{\"@type\":\"WebPage\",\"@id\":\"https:\\\/\\\/restaurant-la-barque-bleue.fr\\\/it\\\/serata-jazz-presso-la-barque-bleue\\\/\",\"url\":\"https:\\\/\\\/restaurant-la-barque-bleue.fr\\\/it\\\/serata-jazz-presso-la-barque-bleue\\\/\",\"name\":\"Serata JAZZ presso La Barque Bleue - La Barque Bleue Restaurant au Port de nice\",\"isPartOf\":{\"@id\":\"https:\\\/\\\/restaurant-la-barque-bleue.fr\\\/it\\\/#website\"},\"primaryImageOfPage\":{\"@id\":\"https:\\\/\\\/restaurant-la-barque-bleue.fr\\\/it\\\/serata-jazz-presso-la-barque-bleue\\\/#primaryimage\"},\"image\":{\"@id\":\"https:\\\/\\\/restaurant-la-barque-bleue.fr\\\/it\\\/serata-jazz-presso-la-barque-bleue\\\/#primaryimage\"},\"thumbnailUrl\":\"https:\\\/\\\/restaurant-la-barque-bleue.fr\\\/wp-content\\\/uploads\\\/2023\\\/02\\\/332142476_740363531027463_4847740966383100321_n.jpg\",\"datePublished\":\"2023-02-24T15:08:41+00:00\",\"dateModified\":\"2024-06-18T07:04:19+00:00\",\"breadcrumb\":{\"@id\":\"https:\\\/\\\/restaurant-la-barque-bleue.fr\\\/it\\\/serata-jazz-presso-la-barque-bleue\\\/#breadcrumb\"},\"inLanguage\":\"it-IT\",\"potentialAction\":[{\"@type\":\"ReadAction\",\"target\":[\"https:\\\/\\\/restaurant-la-barque-bleue.fr\\\/it\\\/serata-jazz-presso-la-barque-bleue\\\/\"]}]},{\"@type\":\"ImageObject\",\"inLanguage\":\"it-IT\",\"@id\":\"https:\\\/\\\/restaurant-la-barque-bleue.fr\\\/it\\\/serata-jazz-presso-la-barque-bleue\\\/#primaryimage\",\"url\":\"https:\\\/\\\/restaurant-la-barque-bleue.fr\\\/wp-content\\\/uploads\\\/2023\\\/02\\\/332142476_740363531027463_4847740966383100321_n.jpg\",\"contentUrl\":\"https:\\\/\\\/restaurant-la-barque-bleue.fr\\\/wp-content\\\/uploads\\\/2023\\\/02\\\/332142476_740363531027463_4847740966383100321_n.jpg\",\"width\":1080,\"height\":1080},{\"@type\":\"BreadcrumbList\",\"@id\":\"https:\\\/\\\/restaurant-la-barque-bleue.fr\\\/it\\\/serata-jazz-presso-la-barque-bleue\\\/#breadcrumb\",\"itemListElement\":[{\"@type\":\"ListItem\",\"position\":1,\"name\":\"Accueil\",\"item\":\"https:\\\/\\\/restaurant-la-barque-bleue.fr\\\/it\\\/\"},{\"@type\":\"ListItem\",\"position\":2,\"name\":\"Serata JAZZ presso La Barque Bleue\"}]},{\"@type\":\"WebSite\",\"@id\":\"https:\\\/\\\/restaurant-la-barque-bleue.fr\\\/it\\\/#website\",\"url\":\"https:\\\/\\\/restaurant-la-barque-bleue.fr\\\/it\\\/\",\"name\":\"La Barque Bleue Restaurant au Port de nice\",\"description\":\"Restaurant sp\u00e9cialit\u00e9s Viandes, Poissons et P\u00e2tes sur le Port de Nice\",\"publisher\":{\"@id\":\"https:\\\/\\\/restaurant-la-barque-bleue.fr\\\/it\\\/#organization\"},\"potentialAction\":[{\"@type\":\"SearchAction\",\"target\":{\"@type\":\"EntryPoint\",\"urlTemplate\":\"https:\\\/\\\/restaurant-la-barque-bleue.fr\\\/it\\\/?s={search_term_string}\"},\"query-input\":{\"@type\":\"PropertyValueSpecification\",\"valueRequired\":true,\"valueName\":\"search_term_string\"}}],\"inLanguage\":\"it-IT\"},{\"@type\":\"Organization\",\"@id\":\"https:\\\/\\\/restaurant-la-barque-bleue.fr\\\/it\\\/#organization\",\"name\":\"Restaurant la Barque Bleue\",\"url\":\"https:\\\/\\\/restaurant-la-barque-bleue.fr\\\/it\\\/\",\"logo\":{\"@type\":\"ImageObject\",\"inLanguage\":\"it-IT\",\"@id\":\"https:\\\/\\\/restaurant-la-barque-bleue.fr\\\/it\\\/#\\\/schema\\\/logo\\\/image\\\/\",\"url\":\"https:\\\/\\\/i0.wp.com\\\/restaurant-la-barque-bleue.fr\\\/wp-content\\\/uploads\\\/2020\\\/09\\\/LOGO-BARQUE-BLEUE-1.png?fit=533%2C510&ssl=1\",\"contentUrl\":\"https:\\\/\\\/i0.wp.com\\\/restaurant-la-barque-bleue.fr\\\/wp-content\\\/uploads\\\/2020\\\/09\\\/LOGO-BARQUE-BLEUE-1.png?fit=533%2C510&ssl=1\",\"width\":533,\"height\":510,\"caption\":\"Restaurant la Barque Bleue\"},\"image\":{\"@id\":\"https:\\\/\\\/restaurant-la-barque-bleue.fr\\\/it\\\/#\\\/schema\\\/logo\\\/image\\\/\"},\"sameAs\":[\"https:\\\/\\\/www.facebook.com\\\/LaBarqueBleue06\",\"https:\\\/\\\/www.instagram.com\\\/labarquebleue.nice\\\/\"]}]}<\/script>\n<!-- \/ Yoast SEO Premium plugin. -->","yoast_head_json":{"title":"Serata JAZZ presso La Barque Bleue - La Barque Bleue Restaurant au Port de nice","robots":{"index":"index","follow":"follow","max-snippet":"max-snippet:-1","max-image-preview":"max-image-preview:large","max-video-preview":"max-video-preview:-1"},"canonical":"https:\/\/restaurant-la-barque-bleue.fr\/it\/serata-jazz-presso-la-barque-bleue\/","og_locale":"it_IT","og_type":"article","og_title":"Serata JAZZ presso La Barque Bleue - La Barque Bleue Restaurant au Port de nice","og_description":"[vc_row content_placement=&#8221;middle&#8221;][vc_column width=&#8221;1\/2&#8243;][vc_column_text] \ud83c\udfbaSOIR\u00c9E JAZZYYYYY Venerd\u00ec 3 marzo 2023 dalle 18.30 &nbsp; La Barque Bleue ti invita al suo concerto JAZZY con CAROL NAKARI e Alexandre alla chitarra, venerd\u00ec 3 marzo 2023 dalle 18.30! Visita il tuo ristorante al 7 Quai des Deux Emmanuel per una delizia musicale \ud83d\ude0b In programma: jazz, divertimento e buon [&hellip;]","og_url":"https:\/\/restaurant-la-barque-bleue.fr\/it\/serata-jazz-presso-la-barque-bleue\/","og_site_name":"La Barque Bleue Restaurant au Port de nice","article_publisher":"https:\/\/www.facebook.com\/LaBarqueBleue06","article_modified_time":"2024-06-18T07:04:19+00:00","og_image":[{"width":1080,"height":1080,"url":"https:\/\/restaurant-la-barque-bleue.fr\/wp-content\/uploads\/2023\/02\/332142476_740363531027463_4847740966383100321_n.jpg","type":"image\/jpeg"}],"twitter_card":"summary_large_image","twitter_misc":{"Tempo di lettura stimato":"1 minuto"},"schema":{"@context":"https:\/\/schema.org","@graph":[{"@type":"WebPage","@id":"https:\/\/restaurant-la-barque-bleue.fr\/it\/serata-jazz-presso-la-barque-bleue\/","url":"https:\/\/restaurant-la-barque-bleue.fr\/it\/serata-jazz-presso-la-barque-bleue\/","name":"Serata JAZZ presso La Barque Bleue - La Barque Bleue Restaurant au Port de nice","isPartOf":{"@id":"https:\/\/restaurant-la-barque-bleue.fr\/it\/#website"},"primaryImageOfPage":{"@id":"https:\/\/restaurant-la-barque-bleue.fr\/it\/serata-jazz-presso-la-barque-bleue\/#primaryimage"},"image":{"@id":"https:\/\/restaurant-la-barque-bleue.fr\/it\/serata-jazz-presso-la-barque-bleue\/#primaryimage"},"thumbnailUrl":"https:\/\/restaurant-la-barque-bleue.fr\/wp-content\/uploads\/2023\/02\/332142476_740363531027463_4847740966383100321_n.jpg","datePublished":"2023-02-24T15:08:41+00:00","dateModified":"2024-06-18T07:04:19+00:00","breadcrumb":{"@id":"https:\/\/restaurant-la-barque-bleue.fr\/it\/serata-jazz-presso-la-barque-bleue\/#breadcrumb"},"inLanguage":"it-IT","potentialAction":[{"@type":"ReadAction","target":["https:\/\/restaurant-la-barque-bleue.fr\/it\/serata-jazz-presso-la-barque-bleue\/"]}]},{"@type":"ImageObject","inLanguage":"it-IT","@id":"https:\/\/restaurant-la-barque-bleue.fr\/it\/serata-jazz-presso-la-barque-bleue\/#primaryimage","url":"https:\/\/restaurant-la-barque-bleue.fr\/wp-content\/uploads\/2023\/02\/332142476_740363531027463_4847740966383100321_n.jpg","contentUrl":"https:\/\/restaurant-la-barque-bleue.fr\/wp-content\/uploads\/2023\/02\/332142476_740363531027463_4847740966383100321_n.jpg","width":1080,"height":1080},{"@type":"BreadcrumbList","@id":"https:\/\/restaurant-la-barque-bleue.fr\/it\/serata-jazz-presso-la-barque-bleue\/#breadcrumb","itemListElement":[{"@type":"ListItem","position":1,"name":"Accueil","item":"https:\/\/restaurant-la-barque-bleue.fr\/it\/"},{"@type":"ListItem","position":2,"name":"Serata JAZZ presso La Barque Bleue"}]},{"@type":"WebSite","@id":"https:\/\/restaurant-la-barque-bleue.fr\/it\/#website","url":"https:\/\/restaurant-la-barque-bleue.fr\/it\/","name":"La Barque Bleue Restaurant au Port de nice","description":"Restaurant sp\u00e9cialit\u00e9s Viandes, Poissons et P\u00e2tes sur le Port de Nice","publisher":{"@id":"https:\/\/restaurant-la-barque-bleue.fr\/it\/#organization"},"potentialAction":[{"@type":"SearchAction","target":{"@type":"EntryPoint","urlTemplate":"https:\/\/restaurant-la-barque-bleue.fr\/it\/?s={search_term_string}"},"query-input":{"@type":"PropertyValueSpecification","valueRequired":true,"valueName":"search_term_string"}}],"inLanguage":"it-IT"},{"@type":"Organization","@id":"https:\/\/restaurant-la-barque-bleue.fr\/it\/#organization","name":"Restaurant la Barque Bleue","url":"https:\/\/restaurant-la-barque-bleue.fr\/it\/","logo":{"@type":"ImageObject","inLanguage":"it-IT","@id":"https:\/\/restaurant-la-barque-bleue.fr\/it\/#\/schema\/logo\/image\/","url":"https:\/\/i0.wp.com\/restaurant-la-barque-bleue.fr\/wp-content\/uploads\/2020\/09\/LOGO-BARQUE-BLEUE-1.png?fit=533%2C510&ssl=1","contentUrl":"https:\/\/i0.wp.com\/restaurant-la-barque-bleue.fr\/wp-content\/uploads\/2020\/09\/LOGO-BARQUE-BLEUE-1.png?fit=533%2C510&ssl=1","width":533,"height":510,"caption":"Restaurant la Barque Bleue"},"image":{"@id":"https:\/\/restaurant-la-barque-bleue.fr\/it\/#\/schema\/logo\/image\/"},"sameAs":["https:\/\/www.facebook.com\/LaBarqueBleue06","https:\/\/www.instagram.com\/labarquebleue.nice\/"]}]}},"_links":{"self":[{"href":"https:\/\/restaurant-la-barque-bleue.fr\/it\/wp-json\/wp\/v2\/pages\/4158","targetHints":{"allow":["GET"]}}],"collection":[{"href":"https:\/\/restaurant-la-barque-bleue.fr\/it\/wp-json\/wp\/v2\/pages"}],"about":[{"href":"https:\/\/restaurant-la-barque-bleue.fr\/it\/wp-json\/wp\/v2\/types\/page"}],"author":[{"embeddable":true,"href":"https:\/\/restaurant-la-barque-bleue.fr\/it\/wp-json\/wp\/v2\/users\/1"}],"replies":[{"embeddable":true,"href":"https:\/\/restaurant-la-barque-bleue.fr\/it\/wp-json\/wp\/v2\/comments?post=4158"}],"version-history":[{"count":0,"href":"https:\/\/restaurant-la-barque-bleue.fr\/it\/wp-json\/wp\/v2\/pages\/4158\/revisions"}],"wp:featuredmedia":[{"embeddable":true,"href":"https:\/\/restaurant-la-barque-bleue.fr\/it\/wp-json\/wp\/v2\/media\/4159"}],"wp:attachment":[{"href":"https:\/\/restaurant-la-barque-bleue.fr\/it\/wp-json\/wp\/v2\/media?parent=4158"}],"curies":[{"name":"wp","href":"https:\/\/api.w.org\/{rel}","templated":true}]}}