{"id":3790,"date":"2023-02-24T15:08:41","date_gmt":"2023-02-24T15:08:41","guid":{"rendered":"https:\/\/restaurant-la-barque-bleue.fr\/jazz-abend-an-der-barque-bleue\/"},"modified":"2024-05-28T06:10:25","modified_gmt":"2024-05-28T06:10:25","slug":"jazz-abend-an-der-barque-bleue","status":"publish","type":"page","link":"https:\/\/restaurant-la-barque-bleue.fr\/de\/jazz-abend-an-der-barque-bleue\/","title":{"rendered":"JAZZ-ABEND an der Barque Bleue"},"content":{"rendered":"<div class=\"wpb-content-wrapper\"><p>[vc_row content_placement=&#8220;middle&#8220;][vc_column width=&#8220;1\/2&#8243;][vc_column_text]<\/p>\n<h3><strong>\ud83c\udfbaJAZZYYYY-ABEND<\/strong><\/h3>\n<h3><strong>Freitag, 3. M\u00e4rz 2023 ab 18.30 Uhr<\/strong><\/h3>\n<p>&nbsp;<\/p>\n<p>La Barque Bleue l\u00e4dt Sie zu seinem JAZZY-Konzert mit CAROL NAKARI und Alexandre an der Gitarre am Freitag, den 3. M\u00e4rz 2023 ab 18.30 Uhr ein!<br \/>\nBesuchen Sie Ihr Restaurant am 7 Quai des Deux Emmanuel, um sich bei Musik verw\u00f6hnen zu lassen \ud83d\ude0b.<\/p>\n<p>Auf dem Programm stehen Jazz, Spa\u00df und gutes Essen!<\/p>\n<p>Wir bieten Ihnen 2 Optionen an:<\/p>\n<p>&nbsp;<\/p>\n<p>* <strong> FORMEL 1<\/strong>: Eintritt zum Konzert, Aperitif und Tapas (bis 20.00 Uhr) f\u00fcr 15\u20ac.<br \/>\n* <strong>FORMEL 2 JAZZY-ABEND<\/strong>: Aperitif, Hauptgericht, Dessert und Jazz den ganzen Abend lang f\u00fcr 35\u20ac.<\/p>\n<p>Vergessen Sie nicht, Ihre <a href=\"https:\/\/restaurant-la-barque-bleue.fr\/de\/buchen-sie-ihr-restaurant-im-hafen-von-nizza\/\"><br \/>\n  <strong>per E-Mail oder Telefon zu reservieren <\/strong><br \/>\n<\/a>[\/vc_column_text][\/vc_column][vc_column width=&#8220;1\/2&#8243;][vc_single_image image=&#8220;2504&#8243; img_size=&#8220;full&#8220;][\/vc_column][\/vc_row]<\/p>\n<\/div>","protected":false},"excerpt":{"rendered":"<p>[vc_row content_placement=&#8220;middle&#8220;][vc_column width=&#8220;1\/2&#8243;][vc_column_text] \ud83c\udfbaJAZZYYYY-ABEND Freitag, 3. M\u00e4rz 2023 ab 18.30 Uhr &nbsp; La Barque Bleue l\u00e4dt Sie zu seinem JAZZY-Konzert mit CAROL NAKARI und Alexandre an der Gitarre am Freitag, den 3. M\u00e4rz 2023 ab 18.30 Uhr ein! Besuchen Sie Ihr Restaurant am 7 Quai des Deux Emmanuel, um sich bei Musik verw\u00f6hnen zu lassen [&hellip;]<\/p>\n","protected":false},"author":1,"featured_media":3516,"parent":0,"menu_order":0,"comment_status":"closed","ping_status":"closed","template":"","meta":{"footnotes":""},"class_list":["post-3790","page","type-page","status-publish","has-post-thumbnail","hentry"],"yoast_head":"<!-- This site is optimized with the Yoast SEO Premium plugin v26.0 (Yoast SEO v27.5) - https:\/\/yoast.com\/product\/yoast-seo-premium-wordpress\/ -->\n<title>JAZZ-ABEND an der Barque Bleue - La Barque Bleue Restaurant au Port de nice<\/title>\n<meta name=\"robots\" content=\"index, follow, max-snippet:-1, max-image-preview:large, max-video-preview:-1\" \/>\n<link rel=\"canonical\" href=\"https:\/\/restaurant-la-barque-bleue.fr\/de\/jazz-abend-an-der-barque-bleue\/\" \/>\n<meta property=\"og:locale\" content=\"de_DE\" \/>\n<meta property=\"og:type\" content=\"article\" \/>\n<meta property=\"og:title\" content=\"JAZZ-ABEND an der Barque Bleue - La Barque Bleue Restaurant au Port de nice\" \/>\n<meta property=\"og:description\" content=\"[vc_row content_placement=&#8220;middle&#8220;][vc_column width=&#8220;1\/2&#8243;][vc_column_text] \ud83c\udfbaJAZZYYYY-ABEND Freitag, 3. M\u00e4rz 2023 ab 18.30 Uhr &nbsp; La Barque Bleue l\u00e4dt Sie zu seinem JAZZY-Konzert mit CAROL NAKARI und Alexandre an der Gitarre am Freitag, den 3. M\u00e4rz 2023 ab 18.30 Uhr ein! Besuchen Sie Ihr Restaurant am 7 Quai des Deux Emmanuel, um sich bei Musik verw\u00f6hnen zu lassen [&hellip;]\" \/>\n<meta property=\"og:url\" content=\"https:\/\/restaurant-la-barque-bleue.fr\/de\/jazz-abend-an-der-barque-bleue\/\" \/>\n<meta property=\"og:site_name\" content=\"La Barque Bleue Restaurant au Port de nice\" \/>\n<meta property=\"article:publisher\" content=\"https:\/\/www.facebook.com\/LaBarqueBleue06\" \/>\n<meta property=\"article:modified_time\" content=\"2024-05-28T06:10:25+00:00\" \/>\n<meta property=\"og:image\" content=\"https:\/\/restaurant-la-barque-bleue.fr\/wp-content\/uploads\/2023\/02\/332142476_740363531027463_4847740966383100321_n.jpg\" \/>\n\t<meta property=\"og:image:width\" content=\"1080\" \/>\n\t<meta property=\"og:image:height\" content=\"1080\" \/>\n\t<meta property=\"og:image:type\" content=\"image\/jpeg\" \/>\n<meta name=\"twitter:card\" content=\"summary_large_image\" \/>\n<meta name=\"twitter:label1\" content=\"Gesch\u00e4tzte Lesezeit\" \/>\n\t<meta name=\"twitter:data1\" content=\"1\u00a0Minute\" \/>\n<script type=\"application\/ld+json\" class=\"yoast-schema-graph\">{\"@context\":\"https:\\\/\\\/schema.org\",\"@graph\":[{\"@type\":\"WebPage\",\"@id\":\"https:\\\/\\\/restaurant-la-barque-bleue.fr\\\/de\\\/jazz-abend-an-der-barque-bleue\\\/\",\"url\":\"https:\\\/\\\/restaurant-la-barque-bleue.fr\\\/de\\\/jazz-abend-an-der-barque-bleue\\\/\",\"name\":\"JAZZ-ABEND an der Barque Bleue - La Barque Bleue Restaurant au Port de nice\",\"isPartOf\":{\"@id\":\"https:\\\/\\\/restaurant-la-barque-bleue.fr\\\/de\\\/#website\"},\"primaryImageOfPage\":{\"@id\":\"https:\\\/\\\/restaurant-la-barque-bleue.fr\\\/de\\\/jazz-abend-an-der-barque-bleue\\\/#primaryimage\"},\"image\":{\"@id\":\"https:\\\/\\\/restaurant-la-barque-bleue.fr\\\/de\\\/jazz-abend-an-der-barque-bleue\\\/#primaryimage\"},\"thumbnailUrl\":\"https:\\\/\\\/restaurant-la-barque-bleue.fr\\\/wp-content\\\/uploads\\\/2023\\\/02\\\/332142476_740363531027463_4847740966383100321_n.jpg\",\"datePublished\":\"2023-02-24T15:08:41+00:00\",\"dateModified\":\"2024-05-28T06:10:25+00:00\",\"breadcrumb\":{\"@id\":\"https:\\\/\\\/restaurant-la-barque-bleue.fr\\\/de\\\/jazz-abend-an-der-barque-bleue\\\/#breadcrumb\"},\"inLanguage\":\"de\",\"potentialAction\":[{\"@type\":\"ReadAction\",\"target\":[\"https:\\\/\\\/restaurant-la-barque-bleue.fr\\\/de\\\/jazz-abend-an-der-barque-bleue\\\/\"]}]},{\"@type\":\"ImageObject\",\"inLanguage\":\"de\",\"@id\":\"https:\\\/\\\/restaurant-la-barque-bleue.fr\\\/de\\\/jazz-abend-an-der-barque-bleue\\\/#primaryimage\",\"url\":\"https:\\\/\\\/restaurant-la-barque-bleue.fr\\\/wp-content\\\/uploads\\\/2023\\\/02\\\/332142476_740363531027463_4847740966383100321_n.jpg\",\"contentUrl\":\"https:\\\/\\\/restaurant-la-barque-bleue.fr\\\/wp-content\\\/uploads\\\/2023\\\/02\\\/332142476_740363531027463_4847740966383100321_n.jpg\",\"width\":1080,\"height\":1080},{\"@type\":\"BreadcrumbList\",\"@id\":\"https:\\\/\\\/restaurant-la-barque-bleue.fr\\\/de\\\/jazz-abend-an-der-barque-bleue\\\/#breadcrumb\",\"itemListElement\":[{\"@type\":\"ListItem\",\"position\":1,\"name\":\"Accueil\",\"item\":\"https:\\\/\\\/restaurant-la-barque-bleue.fr\\\/de\\\/\"},{\"@type\":\"ListItem\",\"position\":2,\"name\":\"JAZZ-ABEND an der Barque Bleue\"}]},{\"@type\":\"WebSite\",\"@id\":\"https:\\\/\\\/restaurant-la-barque-bleue.fr\\\/de\\\/#website\",\"url\":\"https:\\\/\\\/restaurant-la-barque-bleue.fr\\\/de\\\/\",\"name\":\"La Barque Bleue Restaurant au Port de nice\",\"description\":\"Restaurant sp\u00e9cialit\u00e9s Viandes, Poissons et P\u00e2tes sur le Port de Nice\",\"publisher\":{\"@id\":\"https:\\\/\\\/restaurant-la-barque-bleue.fr\\\/de\\\/#organization\"},\"potentialAction\":[{\"@type\":\"SearchAction\",\"target\":{\"@type\":\"EntryPoint\",\"urlTemplate\":\"https:\\\/\\\/restaurant-la-barque-bleue.fr\\\/de\\\/?s={search_term_string}\"},\"query-input\":{\"@type\":\"PropertyValueSpecification\",\"valueRequired\":true,\"valueName\":\"search_term_string\"}}],\"inLanguage\":\"de\"},{\"@type\":\"Organization\",\"@id\":\"https:\\\/\\\/restaurant-la-barque-bleue.fr\\\/de\\\/#organization\",\"name\":\"Restaurant la Barque Bleue\",\"url\":\"https:\\\/\\\/restaurant-la-barque-bleue.fr\\\/de\\\/\",\"logo\":{\"@type\":\"ImageObject\",\"inLanguage\":\"de\",\"@id\":\"https:\\\/\\\/restaurant-la-barque-bleue.fr\\\/de\\\/#\\\/schema\\\/logo\\\/image\\\/\",\"url\":\"https:\\\/\\\/i0.wp.com\\\/restaurant-la-barque-bleue.fr\\\/wp-content\\\/uploads\\\/2020\\\/09\\\/LOGO-BARQUE-BLEUE-1.png?fit=533%2C510&ssl=1\",\"contentUrl\":\"https:\\\/\\\/i0.wp.com\\\/restaurant-la-barque-bleue.fr\\\/wp-content\\\/uploads\\\/2020\\\/09\\\/LOGO-BARQUE-BLEUE-1.png?fit=533%2C510&ssl=1\",\"width\":533,\"height\":510,\"caption\":\"Restaurant la Barque Bleue\"},\"image\":{\"@id\":\"https:\\\/\\\/restaurant-la-barque-bleue.fr\\\/de\\\/#\\\/schema\\\/logo\\\/image\\\/\"},\"sameAs\":[\"https:\\\/\\\/www.facebook.com\\\/LaBarqueBleue06\",\"https:\\\/\\\/www.instagram.com\\\/labarquebleue.nice\\\/\"]}]}<\/script>\n<!-- \/ Yoast SEO Premium plugin. -->","yoast_head_json":{"title":"JAZZ-ABEND an der Barque Bleue - La Barque Bleue Restaurant au Port de nice","robots":{"index":"index","follow":"follow","max-snippet":"max-snippet:-1","max-image-preview":"max-image-preview:large","max-video-preview":"max-video-preview:-1"},"canonical":"https:\/\/restaurant-la-barque-bleue.fr\/de\/jazz-abend-an-der-barque-bleue\/","og_locale":"de_DE","og_type":"article","og_title":"JAZZ-ABEND an der Barque Bleue - La Barque Bleue Restaurant au Port de nice","og_description":"[vc_row content_placement=&#8220;middle&#8220;][vc_column width=&#8220;1\/2&#8243;][vc_column_text] \ud83c\udfbaJAZZYYYY-ABEND Freitag, 3. M\u00e4rz 2023 ab 18.30 Uhr &nbsp; La Barque Bleue l\u00e4dt Sie zu seinem JAZZY-Konzert mit CAROL NAKARI und Alexandre an der Gitarre am Freitag, den 3. M\u00e4rz 2023 ab 18.30 Uhr ein! Besuchen Sie Ihr Restaurant am 7 Quai des Deux Emmanuel, um sich bei Musik verw\u00f6hnen zu lassen [&hellip;]","og_url":"https:\/\/restaurant-la-barque-bleue.fr\/de\/jazz-abend-an-der-barque-bleue\/","og_site_name":"La Barque Bleue Restaurant au Port de nice","article_publisher":"https:\/\/www.facebook.com\/LaBarqueBleue06","article_modified_time":"2024-05-28T06:10:25+00:00","og_image":[{"width":1080,"height":1080,"url":"https:\/\/restaurant-la-barque-bleue.fr\/wp-content\/uploads\/2023\/02\/332142476_740363531027463_4847740966383100321_n.jpg","type":"image\/jpeg"}],"twitter_card":"summary_large_image","twitter_misc":{"Gesch\u00e4tzte Lesezeit":"1\u00a0Minute"},"schema":{"@context":"https:\/\/schema.org","@graph":[{"@type":"WebPage","@id":"https:\/\/restaurant-la-barque-bleue.fr\/de\/jazz-abend-an-der-barque-bleue\/","url":"https:\/\/restaurant-la-barque-bleue.fr\/de\/jazz-abend-an-der-barque-bleue\/","name":"JAZZ-ABEND an der Barque Bleue - La Barque Bleue Restaurant au Port de nice","isPartOf":{"@id":"https:\/\/restaurant-la-barque-bleue.fr\/de\/#website"},"primaryImageOfPage":{"@id":"https:\/\/restaurant-la-barque-bleue.fr\/de\/jazz-abend-an-der-barque-bleue\/#primaryimage"},"image":{"@id":"https:\/\/restaurant-la-barque-bleue.fr\/de\/jazz-abend-an-der-barque-bleue\/#primaryimage"},"thumbnailUrl":"https:\/\/restaurant-la-barque-bleue.fr\/wp-content\/uploads\/2023\/02\/332142476_740363531027463_4847740966383100321_n.jpg","datePublished":"2023-02-24T15:08:41+00:00","dateModified":"2024-05-28T06:10:25+00:00","breadcrumb":{"@id":"https:\/\/restaurant-la-barque-bleue.fr\/de\/jazz-abend-an-der-barque-bleue\/#breadcrumb"},"inLanguage":"de","potentialAction":[{"@type":"ReadAction","target":["https:\/\/restaurant-la-barque-bleue.fr\/de\/jazz-abend-an-der-barque-bleue\/"]}]},{"@type":"ImageObject","inLanguage":"de","@id":"https:\/\/restaurant-la-barque-bleue.fr\/de\/jazz-abend-an-der-barque-bleue\/#primaryimage","url":"https:\/\/restaurant-la-barque-bleue.fr\/wp-content\/uploads\/2023\/02\/332142476_740363531027463_4847740966383100321_n.jpg","contentUrl":"https:\/\/restaurant-la-barque-bleue.fr\/wp-content\/uploads\/2023\/02\/332142476_740363531027463_4847740966383100321_n.jpg","width":1080,"height":1080},{"@type":"BreadcrumbList","@id":"https:\/\/restaurant-la-barque-bleue.fr\/de\/jazz-abend-an-der-barque-bleue\/#breadcrumb","itemListElement":[{"@type":"ListItem","position":1,"name":"Accueil","item":"https:\/\/restaurant-la-barque-bleue.fr\/de\/"},{"@type":"ListItem","position":2,"name":"JAZZ-ABEND an der Barque Bleue"}]},{"@type":"WebSite","@id":"https:\/\/restaurant-la-barque-bleue.fr\/de\/#website","url":"https:\/\/restaurant-la-barque-bleue.fr\/de\/","name":"La Barque Bleue Restaurant au Port de nice","description":"Restaurant sp\u00e9cialit\u00e9s Viandes, Poissons et P\u00e2tes sur le Port de Nice","publisher":{"@id":"https:\/\/restaurant-la-barque-bleue.fr\/de\/#organization"},"potentialAction":[{"@type":"SearchAction","target":{"@type":"EntryPoint","urlTemplate":"https:\/\/restaurant-la-barque-bleue.fr\/de\/?s={search_term_string}"},"query-input":{"@type":"PropertyValueSpecification","valueRequired":true,"valueName":"search_term_string"}}],"inLanguage":"de"},{"@type":"Organization","@id":"https:\/\/restaurant-la-barque-bleue.fr\/de\/#organization","name":"Restaurant la Barque Bleue","url":"https:\/\/restaurant-la-barque-bleue.fr\/de\/","logo":{"@type":"ImageObject","inLanguage":"de","@id":"https:\/\/restaurant-la-barque-bleue.fr\/de\/#\/schema\/logo\/image\/","url":"https:\/\/i0.wp.com\/restaurant-la-barque-bleue.fr\/wp-content\/uploads\/2020\/09\/LOGO-BARQUE-BLEUE-1.png?fit=533%2C510&ssl=1","contentUrl":"https:\/\/i0.wp.com\/restaurant-la-barque-bleue.fr\/wp-content\/uploads\/2020\/09\/LOGO-BARQUE-BLEUE-1.png?fit=533%2C510&ssl=1","width":533,"height":510,"caption":"Restaurant la Barque Bleue"},"image":{"@id":"https:\/\/restaurant-la-barque-bleue.fr\/de\/#\/schema\/logo\/image\/"},"sameAs":["https:\/\/www.facebook.com\/LaBarqueBleue06","https:\/\/www.instagram.com\/labarquebleue.nice\/"]}]}},"_links":{"self":[{"href":"https:\/\/restaurant-la-barque-bleue.fr\/de\/wp-json\/wp\/v2\/pages\/3790","targetHints":{"allow":["GET"]}}],"collection":[{"href":"https:\/\/restaurant-la-barque-bleue.fr\/de\/wp-json\/wp\/v2\/pages"}],"about":[{"href":"https:\/\/restaurant-la-barque-bleue.fr\/de\/wp-json\/wp\/v2\/types\/page"}],"author":[{"embeddable":true,"href":"https:\/\/restaurant-la-barque-bleue.fr\/de\/wp-json\/wp\/v2\/users\/1"}],"replies":[{"embeddable":true,"href":"https:\/\/restaurant-la-barque-bleue.fr\/de\/wp-json\/wp\/v2\/comments?post=3790"}],"version-history":[{"count":0,"href":"https:\/\/restaurant-la-barque-bleue.fr\/de\/wp-json\/wp\/v2\/pages\/3790\/revisions"}],"wp:featuredmedia":[{"embeddable":true,"href":"https:\/\/restaurant-la-barque-bleue.fr\/de\/wp-json\/wp\/v2\/media\/3516"}],"wp:attachment":[{"href":"https:\/\/restaurant-la-barque-bleue.fr\/de\/wp-json\/wp\/v2\/media?parent=3790"}],"curies":[{"name":"wp","href":"https:\/\/api.w.org\/{rel}","templated":true}]}}